{"id":351,"date":"2025-01-17T21:12:18","date_gmt":"2025-01-17T20:12:18","guid":{"rendered":"https:\/\/www.beevista.pl\/?post_type=product&#038;p=351"},"modified":"2025-12-10T09:30:48","modified_gmt":"2025-12-10T08:30:48","slug":"selekcja-i-wychow-matek-pszczelich","status":"publish","type":"product","link":"https:\/\/www.beevista.pl\/index.php\/produkt\/selekcja-i-wychow-matek-pszczelich\/","title":{"rendered":"Selekcja i wych\u00f3w matek pszczelich"},"content":{"rendered":"<p>Przedstawiona przez Autor\u00f3w metoda naturalnego unasieniania &#8211; dla wi\u0119kszo\u015bci pszczelarzy &#8211; jest w dalszym ci\u0105gu podstawowym sposobem wychowu matek. Decyzja o przygotowaniu reprintu tej monografii, cenionej przez specjalist\u00f3w i pszczelarzy, to wyraz mojego szacunku dla badaczy, ich dorobku naukowego oraz wiedzy praktycznej, ale tak\u017ce oczekiwa\u0144 Czytelnik\u00f3w.<\/p>\n<p>Ze wzgl\u0119d\u00f3w prywatnych szczeg\u00f3ln\u0105 atencj\u0105 darz\u0119 Tadeusza Wawryna, kt\u00f3rego uwa\u017cam za swojego Mistrza. To Jego pedagogicznej intuicji zawdzi\u0119czam p\u0142ynne przej\u015bcie z liceum do technikum, bez utraty roku: po sko\u0144czeniu pierwszej klasy liceum og\u00f3lnokszta\u0142c\u0105cego trafi\u0142em od razu do drugiej klasy Technikum Pszczelarskiego, gdzie pod Jego czujnym okiem mog\u0142em zdobywa\u0107 wiedz\u0119 teoretyczn\u0105 oraz praktyczn\u0105. Tadeusz Wawryn ukszta\u0142towa\u0142 nie tylko moje \u017cycie zawodowe, ale w du\u017cym stopniu tak\u017ce osobiste. Wpoi\u0142 we mnie przekonanie, \u017ce cz\u0142owiek stale powinien si\u0119 rozwija\u0107 i poszerza\u0107 w\u0142asn\u0105 wiedz\u0119. Ta zasada w decyduj\u0105cym stopniu zawa\u017cy\u0142a na moich wyborach \u017cyciowych i zawodowych.<\/p>\n<p>Od Tadeusza Wawryna rozpoczyna si\u0119 r\u00f3wnie\u017c historia Technikum Pszczelarskiego. Szko\u0142\u0119, kt\u00f3r\u0105 za\u0142o\u017cy\u0142 w 1945 roku (w\u00f3wczas by\u0142a to jeszcze \u017babia Wola), i kt\u00f3rej by\u0142 pierwszym dyrektorem, mo\u017cna uzna\u0107 za dzie\u0142o Jego \u017cycia. Przez d\u0142ugie lata by\u0142a to jedyna tego typu plac\u00f3wka w Europie. Duch Tadeusza Wawryna jest w niej stale obecny. Technikum to nie tylko miejsce, gdzie m\u0142odzi ludzie zdobywaj\u0105 wiedz\u0119, to r\u00f3wnie\u017c miejsce, gdzie zawi\u0105zuj\u0105 przyja\u017anie, nierzadko na ca\u0142e \u017cycie.<\/p>\n<p>Profesora Leonarda Webera nie dane mi by\u0142o pozna\u0107 osobi\u015bcie. Na moje biurko trafi\u0142 jednak Jego r\u0119kopis, przys\u0142any przez syna, \u0141ukasza Webera, zarazem mojego starszego koleg\u0119 z Technikum, kt\u00f3ry mo\u017cna traktowa\u0107 jako dokumentacj\u0119 aktywno\u015bci Profesora. Pozostaj\u0119 pod wra\u017ceniem zar\u00f3wno pi\u0119knej polszczyzny tych zapis\u00f3w, jak i benedykty\u0144skiej pracy badacza pszcz\u00f3\u0142 w Ma\u0142opolsce wschodniej. R\u0119kopis jest r\u00f3wnie\u017c niezwykle ciekawym \u017ar\u00f3d\u0142em informacji na temat historii pszczelarstwa oraz &#8211; co r\u00f3wnie cenne &#8211; historii naszego kraju. Autorem wspomnienia o Leonardzie Weberze jest z kolei m\u0142odszy syn badacza, prof. dr hab. Jerzy Weber.<\/p>\n<p>Reprint zachowuje wierno\u015b\u0107 w stosunku do pierwszego wydania z 1956 roku (w tym pisowni). Postanowili\u015bmy wzbogaci\u0107 go jedynie o rys historyczny dotycz\u0105cy sylwetek Autor\u00f3w.<\/p>\n<p>Autor: Tadeusz Wawryn i Leonard Weber<br \/>\nWydawnictwo: S\u0105decki Bartnik<br \/>\nStrony: 244<br \/>\nOprawa: miekka<br \/>\nFormat: 16,5 x 23,5 cm<br \/>\nZdj\u0119cie ksi\u0105\u017cki pogl\u0105dowe<br \/>\nISBN \u2013 978-83-61904-57-1<\/p>\n","protected":false},"excerpt":{"rendered":"<p>Przedstawiona przez Autor\u00f3w metoda naturalnego unasieniania &#8211; dla wi\u0119kszo\u015bci pszczelarzy &#8211; jest w dalszym ci\u0105gu podstawowym sposobem wychowu matek. Decyzja o przygotowaniu reprintu tej monografii, cenionej przez specjalist\u00f3w i pszczelarzy, to wyraz mojego szacunku dla badaczy, ich dorobku naukowego oraz wiedzy praktycznej, ale tak\u017ce oczekiwa\u0144 Czytelnik\u00f3w. Ze wzgl\u0119d\u00f3w prywatnych szczeg\u00f3ln\u0105 atencj\u0105 darz\u0119 Tadeusza Wawryna, kt\u00f3rego [&hellip;]<\/p>\n","protected":false},"featured_media":352,"template":"","meta":[],"product_brand":[],"product_cat":[18],"product_tag":[],"class_list":{"0":"post-351","1":"product","2":"type-product","3":"status-publish","4":"has-post-thumbnail","6":"product_cat-literatura","8":"first","9":"outofstock","10":"taxable","11":"shipping-taxable","12":"purchasable","13":"product-type-simple"},"_links":{"self":[{"href":"https:\/\/www.beevista.pl\/index.php\/wp-json\/wp\/v2\/product\/351","targetHints":{"allow":["GET"]}}],"collection":[{"href":"https:\/\/www.beevista.pl\/index.php\/wp-json\/wp\/v2\/product"}],"about":[{"href":"https:\/\/www.beevista.pl\/index.php\/wp-json\/wp\/v2\/types\/product"}],"wp:featuredmedia":[{"embeddable":true,"href":"https:\/\/www.beevista.pl\/index.php\/wp-json\/wp\/v2\/media\/352"}],"wp:attachment":[{"href":"https:\/\/www.beevista.pl\/index.php\/wp-json\/wp\/v2\/media?parent=351"}],"wp:term":[{"taxonomy":"product_brand","embeddable":true,"href":"https:\/\/www.beevista.pl\/index.php\/wp-json\/wp\/v2\/product_brand?post=351"},{"taxonomy":"product_cat","embeddable":true,"href":"https:\/\/www.beevista.pl\/index.php\/wp-json\/wp\/v2\/product_cat?post=351"},{"taxonomy":"product_tag","embeddable":true,"href":"https:\/\/www.beevista.pl\/index.php\/wp-json\/wp\/v2\/product_tag?post=351"}],"curies":[{"name":"wp","href":"https:\/\/api.w.org\/{rel}","templated":true}]}}