{"id":33210,"date":"2026-01-06T12:39:31","date_gmt":"2026-01-06T11:39:31","guid":{"rendered":"https:\/\/www.beevista.pl\/?post_type=product&#038;p=33210"},"modified":"2026-03-22T11:36:32","modified_gmt":"2026-03-22T10:36:32","slug":"kalendarz-pszczelarza-polskiego-2021","status":"publish","type":"product","link":"https:\/\/www.beevista.pl\/index.php\/produkt\/kalendarz-pszczelarza-polskiego-2021\/","title":{"rendered":"Kalendarz Pszczelarza Polskiego 2021"},"content":{"rendered":"<p data-start=\"255\" data-end=\"560\">\u201eKalendarz Pszczelarza Polskiego 2021\u201d to rozbudowana publikacja \u0142\u0105cz\u0105ca praktyczne kalendarium z obszern\u0105 cz\u0119\u015bci\u0105 edukacyjn\u0105 i poradnikow\u0105. To propozycja dla pszczelarzy, mi\u0142o\u015bnik\u00f3w produkt\u00f3w pszczelich oraz wszystkich os\u00f3b zainteresowanych naturalnym zdrowiem, ochron\u0105 przyrody i \u015bwiadomym stylem \u017cycia.<\/p>\n<p data-start=\"562\" data-end=\"1242\">Opr\u00f3cz klasycznego uk\u0142adu miesi\u0119cy, ksi\u0105\u017cka zawiera niemal 240 stron tre\u015bci merytorycznej. Ju\u017c na pocz\u0105tku czytelnik znajdzie modlitw\u0119 pszczelarza oraz s\u0142owo od redaktora, a nast\u0119pnie przechodzi do kalendarium obejmuj\u0105cego ca\u0142y rok. Dalej rozpoczyna si\u0119 cz\u0119\u015b\u0107 apiterapeutyczna, w kt\u00f3rej szczeg\u00f3\u0142owo om\u00f3wiono propolis \u2013 wraz z praktycznymi sposobami przygotowania tinktury propolisowej \u2013 a tak\u017ce zagadnienia zwi\u0105zane z wykorzystaniem pszczelich wytwor\u00f3w w czasie pandemii. Autorzy poruszaj\u0105 temat koronawirusa w kontek\u015bcie produkt\u00f3w pszczelich, prezentuj\u0105 \u015bwiadectwa ich stosowania oraz wskazuj\u0105 najcz\u0119stsze b\u0142\u0119dy pope\u0142niane przy u\u017cywaniu miodu, propolisu czy innych wyrob\u00f3w z ula.<\/p>\n<p data-start=\"1244\" data-end=\"1805\">Du\u017c\u0105 cz\u0119\u015b\u0107 publikacji zajmuje dzia\u0142 \u201eWok\u00f3\u0142 uli \u2013 czyli sprawy, kt\u00f3re my\u015bl\u0105cy pszczelarz zna\u0107 powinien\u201d. To bardzo praktyczny blok, w kt\u00f3rym opisano najcz\u0119stsze b\u0142\u0119dy w prowadzeniu pasieki \u2013 od lokalizacji uli, przez urz\u0105dzenie pasieczyska, przygotowanie rodzin do zimowli, a\u017c po zagro\u017cenia pojawiaj\u0105ce si\u0119 podczas zimy i pierwszego oblotu wiosennego. Autorzy omawiaj\u0105 tak\u017ce problemy zwi\u0105zane z odk\u0142adami, poddawaniem matek, warroz\u0105, zgnilcem, pozyskiwaniem i przechowywaniem produkt\u00f3w pszczelich oraz inne zaniedbania, kt\u00f3re realnie wp\u0142ywaj\u0105 na kondycj\u0119 rodzin.<\/p>\n<p data-start=\"1807\" data-end=\"2167\">Czytelnik znajdzie tu r\u00f3wnie\u017c rozwa\u017cania dotycz\u0105ce jako\u015bci miodu \u2013 od wykwit\u00f3w na s\u0142oikach, przez rodzaje zanieczyszcze\u0144, normy i ich brak, a\u017c po pytania o pochodzenie miodu i r\u00f3\u017cnice mi\u0119dzy patok\u0105 a krupcem. Poruszono temat miodu prosto z ula, naturalnych przyczyn r\u00f3jek, zapylania jako kluczowego warunku wzrostu plon\u00f3w oraz potrzeby realnej ochrony pszcz\u00f3\u0142.<\/p>\n<p data-start=\"2169\" data-end=\"2509\">Kalendarz wykracza poza tematyk\u0119 stricte pasieczn\u0105. Znajdziesz tu refleksje o staro\u015bci jako wa\u017cnym etapie \u017cycia cz\u0142owieka, rozwa\u017cania o pi\u0119knie, relacjach spo\u0142ecznych, Ko\u015bciele i pa\u0144stwie, a tak\u017ce ciekawy blok po\u015bwi\u0119cony exlibrisom \u2013 ksi\u0105\u017ckowym znakom w\u0142asno\u015bciowym. Ca\u0142o\u015b\u0107 uzupe\u0142nia osobista opowie\u015b\u0107 autora o jego przygodzie z pszczo\u0142ami.<\/p>\n<p data-start=\"2511\" data-end=\"2864\">Rozbudowany dzia\u0142 \u201eNasze zdrowie\u201d przybli\u017ca temat dodatk\u00f3w do \u017cywno\u015bci \u2013 barwnik\u00f3w, konserwant\u00f3w, przeciwutleniaczy i emulgator\u00f3w \u2013 wraz z ich wp\u0142ywem na organizm. Osobne miejsce zajmuj\u0105 ro\u015bliny nosz\u0105ce imiona \u015bwi\u0119tych i ich zastosowanie w tradycji ludowej oraz medycynie naturalnej. Czytelnik znajdzie tak\u017ce przegl\u0105d pszczelarskich nowo\u015bci ksi\u0105\u017ckowych.<\/p>\n<p data-start=\"2866\" data-end=\"3041\">Publikacj\u0119 zamyka lekki akcent humorystyczny \u2013 zbi\u00f3r kr\u00f3tkich scenek i anegdot \u201eniekoniecznie pszczelarskich\u201d, kt\u00f3re nadaj\u0105 ca\u0142o\u015bci bardziej ludzkiego, codziennego charakteru.<\/p>\n<p data-start=\"3043\" data-end=\"3487\">\u201eKalendarz Pszczelarza Polskiego 2021\u201d to nie tylko planer na jeden rok, ale pe\u0142noprawna ksi\u0105\u017cka, do kt\u00f3rej mo\u017cna wraca\u0107 wielokrotnie. Sprawdzi si\u0119 jako praktyczne wsparcie w prowadzeniu pasieki, \u017ar\u00f3d\u0142o wiedzy o produktach pszczelich i naturalnym zdrowiu oraz warto\u015bciowa lektura dla ka\u017cdego, kto chce lepiej zrozumie\u0107 \u015bwiat pszcz\u00f3\u0142 i relacj\u0119 cz\u0142owieka z natur\u0105. To r\u00f3wnie\u017c bardzo dobry pomys\u0142 na prezent dla pszczelarza lub pasjonata przyrody.<\/p>\n","protected":false},"excerpt":{"rendered":"<p>\u201eKalendarz Pszczelarza Polskiego 2021\u201d to rozbudowana publikacja \u0142\u0105cz\u0105ca praktyczne kalendarium z obszern\u0105 cz\u0119\u015bci\u0105 edukacyjn\u0105 i poradnikow\u0105. To propozycja dla pszczelarzy, mi\u0142o\u015bnik\u00f3w produkt\u00f3w pszczelich oraz wszystkich os\u00f3b zainteresowanych naturalnym zdrowiem, ochron\u0105 przyrody i \u015bwiadomym stylem \u017cycia. Opr\u00f3cz klasycznego uk\u0142adu miesi\u0119cy, ksi\u0105\u017cka zawiera niemal 240 stron tre\u015bci merytorycznej. Ju\u017c na pocz\u0105tku czytelnik znajdzie modlitw\u0119 pszczelarza oraz s\u0142owo [&hellip;]<\/p>\n","protected":false},"featured_media":33211,"template":"","meta":[],"product_brand":[79],"product_cat":[18],"product_tag":[],"class_list":{"0":"post-33210","1":"product","2":"type-product","3":"status-publish","4":"has-post-thumbnail","6":"product_brand-humana-divinis","7":"product_cat-literatura","9":"first","10":"instock","11":"taxable","12":"shipping-taxable","13":"purchasable","14":"product-type-simple"},"_links":{"self":[{"href":"https:\/\/www.beevista.pl\/index.php\/wp-json\/wp\/v2\/product\/33210","targetHints":{"allow":["GET"]}}],"collection":[{"href":"https:\/\/www.beevista.pl\/index.php\/wp-json\/wp\/v2\/product"}],"about":[{"href":"https:\/\/www.beevista.pl\/index.php\/wp-json\/wp\/v2\/types\/product"}],"wp:featuredmedia":[{"embeddable":true,"href":"https:\/\/www.beevista.pl\/index.php\/wp-json\/wp\/v2\/media\/33211"}],"wp:attachment":[{"href":"https:\/\/www.beevista.pl\/index.php\/wp-json\/wp\/v2\/media?parent=33210"}],"wp:term":[{"taxonomy":"product_brand","embeddable":true,"href":"https:\/\/www.beevista.pl\/index.php\/wp-json\/wp\/v2\/product_brand?post=33210"},{"taxonomy":"product_cat","embeddable":true,"href":"https:\/\/www.beevista.pl\/index.php\/wp-json\/wp\/v2\/product_cat?post=33210"},{"taxonomy":"product_tag","embeddable":true,"href":"https:\/\/www.beevista.pl\/index.php\/wp-json\/wp\/v2\/product_tag?post=33210"}],"curies":[{"name":"wp","href":"https:\/\/api.w.org\/{rel}","templated":true}]}}