{"id":2032,"date":"2025-10-13T21:04:17","date_gmt":"2025-10-13T19:04:17","guid":{"rendered":"https:\/\/www.beevista.pl\/?post_type=product&#038;p=2032"},"modified":"2026-03-24T13:14:42","modified_gmt":"2026-03-24T12:14:42","slug":"alpa-emulsja-z-arnika-i-nagietkiem-100ml","status":"publish","type":"product","link":"https:\/\/www.beevista.pl\/index.php\/produkt\/alpa-emulsja-z-arnika-i-nagietkiem-100ml\/","title":{"rendered":"Alpa &#8211; Emulsja z arnik\u0105 i nagietkiem 100ml"},"content":{"rendered":"<p data-start=\"0\" data-end=\"67\">\ud83e\uddf4 <strong data-start=\"3\" data-end=\"62\">Emulsja do masa\u017cu cia\u0142a z arnik\u0105 i nagietkiem \u2013 100 ml<\/strong> \ud83c\udf3f<\/p>\n<p data-start=\"69\" data-end=\"202\">Kosmetyk przeznaczony <strong data-start=\"91\" data-end=\"117\">do u\u017cytku zewn\u0119trznego<\/strong>, idealny do <strong data-start=\"130\" data-end=\"152\">masa\u017cu sk\u00f3ry cia\u0142a<\/strong>.<br data-start=\"153\" data-end=\"156\" \/>Nie stosowa\u0107 u dzieci poni\u017cej 3. roku \u017cycia.<\/p>\n<p data-start=\"204\" data-end=\"681\">\ud83d\udc9a <strong data-start=\"207\" data-end=\"221\">Dzia\u0142anie:<\/strong><br data-start=\"221\" data-end=\"224\" \/>Preparat doskonale sprawdza si\u0119 przy <strong data-start=\"261\" data-end=\"301\">miejscowym nacieraniu i masa\u017cu sk\u00f3ry<\/strong>. Wzbogaca klasyczn\u0105 lini\u0119 krem\u00f3w francowkowych do masa\u017cu.<br data-start=\"359\" data-end=\"362\" \/>Delikatna emulsja zawiera tradycyjn\u0105 <strong data-start=\"399\" data-end=\"437\" data-is-only-node=\"\">mieszank\u0119 olejk\u00f3w eterycznych ALPA<\/strong>, a tak\u017ce <strong data-start=\"447\" data-end=\"480\">ekstrakty z arniki i nagietka<\/strong>, kt\u00f3re:<br data-start=\"488\" data-end=\"491\" \/>\u2013 aktywizuj\u0105 sk\u00f3r\u0119 w miejscach napi\u0119tych mi\u0119\u015bni i staw\u00f3w,<br data-start=\"548\" data-end=\"551\" \/>\u2013 wspomagaj\u0105 <strong data-start=\"564\" data-end=\"581\">kr\u0105\u017cenie krwi<\/strong>,<br data-start=\"582\" data-end=\"585\" \/>\u2013 przynosz\u0105 <strong data-start=\"597\" data-end=\"626\">uczucie ulgi i odpr\u0119\u017cenia<\/strong> po wysi\u0142ku fizycznym,<br data-start=\"648\" data-end=\"651\" \/>\u2013 poprawiaj\u0105 kondycj\u0119 sk\u00f3ry.<\/p>\n<p data-start=\"683\" data-end=\"925\">\ud83d\udc86\u200d\u2642\ufe0f <strong data-start=\"689\" data-end=\"707\">Spos\u00f3b u\u017cycia:<\/strong><br data-start=\"707\" data-end=\"710\" \/>Na\u0142\u00f3\u017c preparat na problematyczne miejsce i <strong data-start=\"753\" data-end=\"791\">delikatnie wmasuj opuszkami palc\u00f3w<\/strong> 3\u20135 razy dziennie, a\u017c do ca\u0142kowitego wch\u0142oni\u0119cia.<br data-start=\"841\" data-end=\"844\" \/>Nie wciera\u0107 w sk\u00f3r\u0119 obj\u0119t\u0105 stanem zapalnym, podra\u017cnion\u0105 s\u0142o\u0144cem lub oparzeniem.<\/p>\n<p data-start=\"927\" data-end=\"1171\">\ud83d\udce6 <strong data-start=\"930\" data-end=\"956\">Spos\u00f3b przechowywania:<\/strong><br data-start=\"956\" data-end=\"959\" \/>Przechowywa\u0107 w suchym i czystym miejscu, w temperaturze <strong data-start=\"1015\" data-end=\"1033\">od 5\u00b0C do 25\u00b0C<\/strong>.<br data-start=\"1034\" data-end=\"1037\" \/>Chroni\u0107 przed dzia\u0142aniem czynnik\u00f3w atmosferycznych i <strong data-start=\"1090\" data-end=\"1126\" data-is-only-node=\"\">bezpo\u015brednim \u015bwiat\u0142em s\u0142onecznym<\/strong>.<br data-start=\"1127\" data-end=\"1130\" \/>Przechowywa\u0107 <strong data-start=\"1143\" data-end=\"1168\">poza zasi\u0119giem dzieci<\/strong>.<\/p>\n<p data-start=\"1173\" data-end=\"1335\" data-is-last-node=\"\" data-is-only-node=\"\">\ud83d\udca7 <strong data-start=\"1176\" data-end=\"1190\">Pojemno\u015b\u0107:<\/strong> 100 ml<\/p>\n","protected":false},"excerpt":{"rendered":"<p>\ud83e\uddf4 Emulsja do masa\u017cu cia\u0142a z arnik\u0105 i nagietkiem \u2013 100 ml \ud83c\udf3f Kosmetyk przeznaczony do u\u017cytku zewn\u0119trznego, idealny do masa\u017cu sk\u00f3ry cia\u0142a.Nie stosowa\u0107 u dzieci poni\u017cej 3. roku \u017cycia. \ud83d\udc9a Dzia\u0142anie:Preparat doskonale sprawdza si\u0119 przy miejscowym nacieraniu i masa\u017cu sk\u00f3ry. Wzbogaca klasyczn\u0105 lini\u0119 krem\u00f3w francowkowych do masa\u017cu.Delikatna emulsja zawiera tradycyjn\u0105 mieszank\u0119 olejk\u00f3w eterycznych ALPA, [&hellip;]<\/p>\n","protected":false},"featured_media":2033,"template":"","meta":[],"product_brand":[24],"product_cat":[23],"product_tag":[],"class_list":{"0":"post-2032","1":"product","2":"type-product","3":"status-publish","4":"has-post-thumbnail","6":"product_brand-alpa","7":"product_cat-alpa","9":"first","10":"outofstock","11":"taxable","12":"shipping-taxable","13":"purchasable","14":"product-type-simple"},"_links":{"self":[{"href":"https:\/\/www.beevista.pl\/index.php\/wp-json\/wp\/v2\/product\/2032","targetHints":{"allow":["GET"]}}],"collection":[{"href":"https:\/\/www.beevista.pl\/index.php\/wp-json\/wp\/v2\/product"}],"about":[{"href":"https:\/\/www.beevista.pl\/index.php\/wp-json\/wp\/v2\/types\/product"}],"wp:featuredmedia":[{"embeddable":true,"href":"https:\/\/www.beevista.pl\/index.php\/wp-json\/wp\/v2\/media\/2033"}],"wp:attachment":[{"href":"https:\/\/www.beevista.pl\/index.php\/wp-json\/wp\/v2\/media?parent=2032"}],"wp:term":[{"taxonomy":"product_brand","embeddable":true,"href":"https:\/\/www.beevista.pl\/index.php\/wp-json\/wp\/v2\/product_brand?post=2032"},{"taxonomy":"product_cat","embeddable":true,"href":"https:\/\/www.beevista.pl\/index.php\/wp-json\/wp\/v2\/product_cat?post=2032"},{"taxonomy":"product_tag","embeddable":true,"href":"https:\/\/www.beevista.pl\/index.php\/wp-json\/wp\/v2\/product_tag?post=2032"}],"curies":[{"name":"wp","href":"https:\/\/api.w.org\/{rel}","templated":true}]}}